{"id":1121,"date":"2023-10-23T22:12:10","date_gmt":"2023-10-23T20:12:10","guid":{"rendered":"https:\/\/radiorecital.net\/home\/?page_id=1121"},"modified":"2025-09-25T04:47:05","modified_gmt":"2025-09-25T02:47:05","slug":"voces-desde-ucrania","status":"publish","type":"page","link":"https:\/\/radiorecital.net\/home\/voces-desde-ucrania\/","title":{"rendered":"Voces desde Ucrania"},"content":{"rendered":"\t\t<div data-elementor-type=\"wp-page\" data-elementor-id=\"1121\" class=\"elementor elementor-1121\">\n\t\t\t\t\t\t<section class=\"elementor-section elementor-top-section elementor-element elementor-element-47da3dc elementor-section-stretched elementor-section-boxed elementor-section-height-default elementor-section-height-default wpr-particle-no wpr-jarallax-no wpr-parallax-no wpr-sticky-section-no wpr-equal-height-no\" data-id=\"47da3dc\" data-element_type=\"section\" data-e-type=\"section\" data-settings=\"{&quot;stretch_section&quot;:&quot;section-stretched&quot;}\">\n\t\t\t\t\t\t<div class=\"elementor-container elementor-column-gap-default\">\n\t\t\t\t\t<div class=\"elementor-column elementor-col-50 elementor-top-column elementor-element elementor-element-2baef88\" data-id=\"2baef88\" data-element_type=\"column\" data-e-type=\"column\">\n\t\t\t<div class=\"elementor-widget-wrap elementor-element-populated\">\n\t\t\t\t\t\t<div class=\"elementor-element elementor-element-e9ed3fa elementor-widget elementor-widget-image\" data-id=\"e9ed3fa\" data-element_type=\"widget\" data-e-type=\"widget\" data-widget_type=\"image.default\">\n\t\t\t\t<div class=\"elementor-widget-container\">\n\t\t\t\t\t\t\t\t\t\t\t\t\t\t\t<img fetchpriority=\"high\" decoding=\"async\" width=\"1024\" height=\"640\" src=\"https:\/\/radiorecital.net\/home\/wp-content\/uploads\/2023\/10\/voces-desde-ucrania-1.avif\" class=\"attachment-large size-large wp-image-1140\" alt=\"Voces desde Ucrania, el programa que le gana a la guerra con m\u00fasica\" srcset=\"https:\/\/radiorecital.net\/home\/wp-content\/uploads\/2023\/10\/voces-desde-ucrania-1.avif 1024w, https:\/\/radiorecital.net\/home\/wp-content\/uploads\/2023\/10\/voces-desde-ucrania-1-300x188.avif 300w, https:\/\/radiorecital.net\/home\/wp-content\/uploads\/2023\/10\/voces-desde-ucrania-1-768x480.avif 768w\" sizes=\"(max-width: 1024px) 100vw, 1024px\" \/>\t\t\t\t\t\t\t\t\t\t\t\t\t\t\t<\/div>\n\t\t\t\t<\/div>\n\t\t\t\t\t<\/div>\n\t\t<\/div>\n\t\t\t\t<div class=\"elementor-column elementor-col-50 elementor-top-column elementor-element elementor-element-066bc68\" data-id=\"066bc68\" data-element_type=\"column\" data-e-type=\"column\">\n\t\t\t<div class=\"elementor-widget-wrap elementor-element-populated\">\n\t\t\t\t\t\t<div class=\"elementor-element elementor-element-ee62a56 elementor-widget elementor-widget-heading\" data-id=\"ee62a56\" data-element_type=\"widget\" data-e-type=\"widget\" data-widget_type=\"heading.default\">\n\t\t\t\t<div class=\"elementor-widget-container\">\n\t\t\t\t\t<h2 class=\"elementor-heading-title elementor-size-default\">VOCES DESDE UCRANIA<\/h2>\t\t\t\t<\/div>\n\t\t\t\t<\/div>\n\t\t\t\t<div class=\"elementor-element elementor-element-d23bcc8 elementor-widget-divider--view-line elementor-widget elementor-widget-divider\" data-id=\"d23bcc8\" data-element_type=\"widget\" data-e-type=\"widget\" data-widget_type=\"divider.default\">\n\t\t\t\t<div class=\"elementor-widget-container\">\n\t\t\t\t\t\t\t<div class=\"elementor-divider\">\n\t\t\t<span class=\"elementor-divider-separator\">\n\t\t\t\t\t\t<\/span>\n\t\t<\/div>\n\t\t\t\t\t\t<\/div>\n\t\t\t\t<\/div>\n\t\t\t\t<div class=\"elementor-element elementor-element-087f19b elementor-widget elementor-widget-text-editor\" data-id=\"087f19b\" data-element_type=\"widget\" data-e-type=\"widget\" data-widget_type=\"text-editor.default\">\n\t\t\t\t<div class=\"elementor-widget-container\">\n\t\t\t\t\t\t\t\t\t<p style=\"text-align: left;\">\u00abVoces de Ucrania\u00bb busca concientizar sobre la situaci\u00f3n de invasi\u00f3n que se vive actualmente en Ucrania. En este microprograma presentaremos las mejores bandas y artistas de Ucrania <span style=\"white-space: pre; background-color: var(--ast-global-color-4); font-size: 1rem;\">que pese a la guerra siguen regal\u00e1ndonos su talento<\/span><span style=\"font-style: inherit; font-weight: inherit; background-color: var(--ast-global-color-4);\">. <\/span><\/p><p style=\"text-align: left;\"><span style=\"font-style: inherit; font-weight: inherit; background-color: var(--ast-global-color-4);\">Porque la buena m\u00fasica no conoce el odio de la guerra.\u00a0<\/span><span style=\"background-color: var(--ast-global-color-4); font-style: inherit; font-weight: inherit;\">De lunes a viernes a las 02:00, 04:00, 14:00, 18:00 y 23:00 GMT.<\/span><\/p><p>Tambi\u00e9n los invitamos a ayudar a Ucrania a trav\u00e9s de la plataforma <a href=\"https:\/\/u24.gov.ua\/\">United24<\/a><\/p>\t\t\t\t\t\t\t\t<\/div>\n\t\t\t\t<\/div>\n\t\t\t\t\t<\/div>\n\t\t<\/div>\n\t\t\t\t\t<\/div>\n\t\t<\/section>\n\t\t\t\t<section class=\"elementor-section elementor-top-section elementor-element elementor-element-9be8056 elementor-section-boxed elementor-section-height-default elementor-section-height-default wpr-particle-no wpr-jarallax-no wpr-parallax-no wpr-sticky-section-no wpr-equal-height-no\" data-id=\"9be8056\" data-element_type=\"section\" data-e-type=\"section\">\n\t\t\t\t\t\t<div class=\"elementor-container elementor-column-gap-default\">\n\t\t\t\t\t<div class=\"elementor-column elementor-col-100 elementor-top-column elementor-element elementor-element-f4af3e3\" data-id=\"f4af3e3\" data-element_type=\"column\" data-e-type=\"column\">\n\t\t\t<div class=\"elementor-widget-wrap elementor-element-populated\">\n\t\t\t\t\t\t<div class=\"elementor-element elementor-element-388b424 elementor-widget elementor-widget-spacer\" data-id=\"388b424\" data-element_type=\"widget\" data-e-type=\"widget\" data-widget_type=\"spacer.default\">\n\t\t\t\t<div class=\"elementor-widget-container\">\n\t\t\t\t\t\t\t<div class=\"elementor-spacer\">\n\t\t\t<div class=\"elementor-spacer-inner\"><\/div>\n\t\t<\/div>\n\t\t\t\t\t\t<\/div>\n\t\t\t\t<\/div>\n\t\t\t\t\t<\/div>\n\t\t<\/div>\n\t\t\t\t\t<\/div>\n\t\t<\/section>\n\t\t\t\t<section class=\"elementor-section elementor-top-section elementor-element elementor-element-838c478 elementor-section-stretched elementor-section-boxed elementor-section-height-default elementor-section-height-default wpr-particle-no wpr-jarallax-no wpr-parallax-no wpr-sticky-section-no wpr-equal-height-no\" data-id=\"838c478\" data-element_type=\"section\" data-e-type=\"section\" data-settings=\"{&quot;stretch_section&quot;:&quot;section-stretched&quot;}\">\n\t\t\t\t\t\t<div class=\"elementor-container elementor-column-gap-default\">\n\t\t\t\t\t<div class=\"elementor-column elementor-col-100 elementor-top-column elementor-element elementor-element-fdcd233\" data-id=\"fdcd233\" data-element_type=\"column\" data-e-type=\"column\">\n\t\t\t<div class=\"elementor-widget-wrap elementor-element-populated\">\n\t\t\t\t\t\t<div class=\"elementor-element elementor-element-1e08d84 wpr-grid-columns-3 wpr-grid-columns--tablet2 wpr-grid-columns--mobile1 wpr-grid-pagination-center wpr-item-styles-inner elementor-widget elementor-widget-wpr-grid\" data-id=\"1e08d84\" data-element_type=\"widget\" data-e-type=\"widget\" data-widget_type=\"wpr-grid.default\">\n\t\t\t\t<div class=\"elementor-widget-container\">\n\t\t\t\t\t<ul class=\"wpr-grid-filters elementor-clearfix wpr-grid-filters-sep-right\"><li class=\" wpr-pointer-none wpr-pointer-line-fx wpr-pointer-fx-none\"><span  data-filter=\"*\" class=\"wpr-grid-filters-item wpr-active-filter \">All Posts<\/span><em class=\"wpr-grid-filters-sep\"><\/em><\/li><li class=\" wpr-pointer-none wpr-pointer-line-fx wpr-pointer-fx-none\"><span   data-ajax-filter=[\"category\",\"voces-desde-ucrania\"]  data-filter=\".category-voces-desde-ucrania\">Voces desde Ucrania<\/span><em class=\"wpr-grid-filters-sep\"><\/em><\/li><\/ul><section class=\"wpr-grid elementor-clearfix\" data-settings=\"{&quot;layout&quot;:&quot;fitRows&quot;,&quot;stick_last_element_to_bottom&quot;:&quot;&quot;,&quot;columns_desktop&quot;:3,&quot;gutter_hr&quot;:15,&quot;gutter_hr_mobile&quot;:15,&quot;gutter_hr_mobile_extra&quot;:15,&quot;gutter_hr_tablet&quot;:15,&quot;gutter_hr_tablet_extra&quot;:15,&quot;gutter_hr_laptop&quot;:15,&quot;gutter_hr_widescreen&quot;:15,&quot;gutter_vr&quot;:15,&quot;gutter_vr_mobile&quot;:15,&quot;gutter_vr_mobile_extra&quot;:15,&quot;gutter_vr_tablet&quot;:15,&quot;gutter_vr_tablet_extra&quot;:15,&quot;gutter_vr_laptop&quot;:15,&quot;gutter_vr_widescreen&quot;:15,&quot;animation&quot;:&quot;default&quot;,&quot;animation_duration&quot;:0.299999999999999988897769753748434595763683319091796875,&quot;animation_delay&quot;:0.1000000000000000055511151231257827021181583404541015625,&quot;deeplinking&quot;:&quot;&quot;,&quot;filters_linkable&quot;:&quot;no&quot;,&quot;filters_default_filter&quot;:&quot;&quot;,&quot;filters_count&quot;:&quot;&quot;,&quot;filters_hide_empty&quot;:&quot;no&quot;,&quot;filters_animation&quot;:&quot;default&quot;,&quot;filters_animation_duration&quot;:0.299999999999999988897769753748434595763683319091796875,&quot;filters_animation_delay&quot;:0.1000000000000000055511151231257827021181583404541015625,&quot;pagination_type&quot;:&quot;load-more&quot;,&quot;pagination_max_pages&quot;:2,&quot;lightbox&quot;:{&quot;selector&quot;:&quot;.wpr-grid-image-wrap&quot;,&quot;iframeMaxWidth&quot;:&quot;60%&quot;,&quot;hash&quot;:false,&quot;autoplay&quot;:&quot;true&quot;,&quot;pause&quot;:5000,&quot;progressBar&quot;:&quot;true&quot;,&quot;counter&quot;:&quot;true&quot;,&quot;controls&quot;:&quot;true&quot;,&quot;getCaptionFromTitleOrAlt&quot;:&quot;true&quot;,&quot;thumbnail&quot;:&quot;&quot;,&quot;showThumbByDefault&quot;:&quot;&quot;,&quot;share&quot;:&quot;&quot;,&quot;zoom&quot;:&quot;true&quot;,&quot;fullScreen&quot;:&quot;true&quot;,&quot;download&quot;:&quot;true&quot;}}\" data-advanced-filters=\"no\"><article class=\"wpr-grid-item elementor-clearfix post-3207 post type-post status-publish format-standard has-post-thumbnail hentry category-podcast category-voces-desde-ucrania\"><div class=\"wpr-grid-item-inner\"><div class=\"wpr-grid-media-wrap wpr-effect-size-medium \" data-overlay-link=\"yes\"><div class=\"wpr-grid-image-wrap\" data-src=\"https:\/\/radiorecital.net\/home\/wp-content\/uploads\/2025\/02\/vocesnota.avif\" data-img-on-hover=\"\"  data-src-secondary=\"\"><img decoding=\"async\" data-no-lazy=\"1\" src=\"https:\/\/radiorecital.net\/home\/wp-content\/uploads\/2025\/02\/vocesnota.avif\" alt=\"Voces desde Ucrania\" class=\"wpr-anim-timing-ease-default\"><\/div><div class=\"wpr-grid-media-hover wpr-animation-wrap\"><div class=\"wpr-grid-media-hover-bg  wpr-overlay-fade-in wpr-anim-size-large wpr-anim-timing-ease-default wpr-anim-transparency\" data-url=\"https:\/\/radiorecital.net\/home\/2023\/04\/08\/podcast-voces-desde-ucrania-oi-u-luzi-chernova-kalyna-eliza-izmalkova\/\"><\/div><\/div><\/div><div class=\"wpr-grid-item-below-content elementor-clearfix\"><h2 class=\"wpr-grid-item-title elementor-repeater-item-9f27388 wpr-grid-item-display-block wpr-grid-item-align-left wpr-pointer-none wpr-pointer-line-fx wpr-pointer-fx-fade\"><div class=\"inner-block\"><a target=\"_self\"  href=\"https:\/\/radiorecital.net\/home\/2023\/04\/08\/podcast-voces-desde-ucrania-oi-u-luzi-chernova-kalyna-eliza-izmalkova\/\">Voces desde Ucrania | Oi u Luzi Chernova Kalyna &#8211; Eliza Izmalkova<\/a><\/div><\/h2><div class=\"wpr-grid-item-date elementor-repeater-item-ba74b07 wpr-grid-item-display-inline wpr-grid-item-align-left\"><div class=\"inner-block\"><span>8 de abril de 2023<span class=\"wpr-grid-extra-text-right\">\/<\/span><\/span><\/div><\/div><div class=\"wpr-grid-item-excerpt elementor-repeater-item-ac31d1d wpr-grid-item-display-block wpr-grid-item-align-left\"><div class=\"inner-block\"><p>\u00abVoces de Ucrania\u00bb busca concientizar sobre la situaci\u00f3n que se vive en Ucrania, en este microprograma presentaremos las mejores bandas...<\/p><\/div><\/div><div class=\"wpr-grid-item-read-more elementor-repeater-item-8f7c53b wpr-grid-item-display-block wpr-grid-item-align-left\"><div class=\"inner-block\"><a target=\"_self\" href=\"https:\/\/radiorecital.net\/home\/2023\/04\/08\/podcast-voces-desde-ucrania-oi-u-luzi-chernova-kalyna-eliza-izmalkova\/\" class=\"wpr-button-effect wpr-button-none\"><span>Ver Podcast<\/span><\/a><\/div><\/div><\/div><\/div><\/article><article class=\"wpr-grid-item elementor-clearfix post-3205 post type-post status-publish format-standard has-post-thumbnail hentry category-podcast category-voces-desde-ucrania\"><div class=\"wpr-grid-item-inner\"><div class=\"wpr-grid-media-wrap wpr-effect-size-medium \" data-overlay-link=\"yes\"><div class=\"wpr-grid-image-wrap\" data-src=\"https:\/\/radiorecital.net\/home\/wp-content\/uploads\/2025\/02\/vocesnota.avif\" data-img-on-hover=\"\"  data-src-secondary=\"\"><img decoding=\"async\" data-no-lazy=\"1\" src=\"https:\/\/radiorecital.net\/home\/wp-content\/uploads\/2025\/02\/vocesnota.avif\" alt=\"Voces desde Ucrania\" class=\"wpr-anim-timing-ease-default\"><\/div><div class=\"wpr-grid-media-hover wpr-animation-wrap\"><div class=\"wpr-grid-media-hover-bg  wpr-overlay-fade-in wpr-anim-size-large wpr-anim-timing-ease-default wpr-anim-transparency\" data-url=\"https:\/\/radiorecital.net\/home\/2023\/04\/07\/podcast-voces-desde-ucrania-damned-november-mzlv\/\"><\/div><\/div><\/div><div class=\"wpr-grid-item-below-content elementor-clearfix\"><h2 class=\"wpr-grid-item-title elementor-repeater-item-9f27388 wpr-grid-item-display-block wpr-grid-item-align-left wpr-pointer-none wpr-pointer-line-fx wpr-pointer-fx-fade\"><div class=\"inner-block\"><a target=\"_self\"  href=\"https:\/\/radiorecital.net\/home\/2023\/04\/07\/podcast-voces-desde-ucrania-damned-november-mzlv\/\">Voces desde Ucrania | Damned November &#8211; MZLV<\/a><\/div><\/h2><div class=\"wpr-grid-item-date elementor-repeater-item-ba74b07 wpr-grid-item-display-inline wpr-grid-item-align-left\"><div class=\"inner-block\"><span>7 de abril de 2023<span class=\"wpr-grid-extra-text-right\">\/<\/span><\/span><\/div><\/div><div class=\"wpr-grid-item-excerpt elementor-repeater-item-ac31d1d wpr-grid-item-display-block wpr-grid-item-align-left\"><div class=\"inner-block\"><p>\u00abVoces de Ucrania\u00bb busca concientizar sobre la situaci\u00f3n que se vive en Ucrania, en este microprograma presentaremos las mejores bandas...<\/p><\/div><\/div><div class=\"wpr-grid-item-read-more elementor-repeater-item-8f7c53b wpr-grid-item-display-block wpr-grid-item-align-left\"><div class=\"inner-block\"><a target=\"_self\" href=\"https:\/\/radiorecital.net\/home\/2023\/04\/07\/podcast-voces-desde-ucrania-damned-november-mzlv\/\" class=\"wpr-button-effect wpr-button-none\"><span>Ver Podcast<\/span><\/a><\/div><\/div><\/div><\/div><\/article><article class=\"wpr-grid-item elementor-clearfix post-2534 post type-post status-publish format-standard has-post-thumbnail hentry category-voces-desde-ucrania\"><div class=\"wpr-grid-item-inner\"><div class=\"wpr-grid-media-wrap wpr-effect-size-medium \" data-overlay-link=\"yes\"><div class=\"wpr-grid-image-wrap\" data-src=\"https:\/\/radiorecital.net\/home\/wp-content\/uploads\/2025\/02\/vocesnota.avif\" data-img-on-hover=\"\"  data-src-secondary=\"\"><img decoding=\"async\" data-no-lazy=\"1\" src=\"https:\/\/radiorecital.net\/home\/wp-content\/uploads\/2025\/02\/vocesnota.avif\" alt=\"Voces desde Ucrania\" class=\"wpr-anim-timing-ease-default\"><\/div><div class=\"wpr-grid-media-hover wpr-animation-wrap\"><div class=\"wpr-grid-media-hover-bg  wpr-overlay-fade-in wpr-anim-size-large wpr-anim-timing-ease-default wpr-anim-transparency\" data-url=\"https:\/\/radiorecital.net\/home\/2023\/04\/06\/podcast-voces-desde-ucrania-bayraktar-taras-borokov\/\"><\/div><\/div><\/div><div class=\"wpr-grid-item-below-content elementor-clearfix\"><h2 class=\"wpr-grid-item-title elementor-repeater-item-9f27388 wpr-grid-item-display-block wpr-grid-item-align-left wpr-pointer-none wpr-pointer-line-fx wpr-pointer-fx-fade\"><div class=\"inner-block\"><a target=\"_self\"  href=\"https:\/\/radiorecital.net\/home\/2023\/04\/06\/podcast-voces-desde-ucrania-bayraktar-taras-borokov\/\">Voces desde Ucrania | Bayraktar \u2013 Taras Borokov<\/a><\/div><\/h2><div class=\"wpr-grid-item-date elementor-repeater-item-ba74b07 wpr-grid-item-display-inline wpr-grid-item-align-left\"><div class=\"inner-block\"><span>6 de abril de 2023<span class=\"wpr-grid-extra-text-right\">\/<\/span><\/span><\/div><\/div><div class=\"wpr-grid-item-excerpt elementor-repeater-item-ac31d1d wpr-grid-item-display-block wpr-grid-item-align-left\"><div class=\"inner-block\"><p>Voces desde Ucrania busca concientizar sobre la situaci\u00f3n que se vive en Ucrania, en este microprograma presentaremos las mejores bandas...<\/p><\/div><\/div><div class=\"wpr-grid-item-read-more elementor-repeater-item-8f7c53b wpr-grid-item-display-block wpr-grid-item-align-left\"><div class=\"inner-block\"><a target=\"_self\" href=\"https:\/\/radiorecital.net\/home\/2023\/04\/06\/podcast-voces-desde-ucrania-bayraktar-taras-borokov\/\" class=\"wpr-button-effect wpr-button-none\"><span>Ver Podcast<\/span><\/a><\/div><\/div><\/div><\/div><\/article><article class=\"wpr-grid-item elementor-clearfix post-2530 post type-post status-publish format-standard has-post-thumbnail hentry category-voces-desde-ucrania\"><div class=\"wpr-grid-item-inner\"><div class=\"wpr-grid-media-wrap wpr-effect-size-medium \" data-overlay-link=\"yes\"><div class=\"wpr-grid-image-wrap\" data-src=\"https:\/\/radiorecital.net\/home\/wp-content\/uploads\/2025\/02\/vocesnota.avif\" data-img-on-hover=\"\"  data-src-secondary=\"\"><img decoding=\"async\" data-no-lazy=\"1\" src=\"https:\/\/radiorecital.net\/home\/wp-content\/uploads\/2025\/02\/vocesnota.avif\" alt=\"Voces desde Ucrania\" class=\"wpr-anim-timing-ease-default\"><\/div><div class=\"wpr-grid-media-hover wpr-animation-wrap\"><div class=\"wpr-grid-media-hover-bg  wpr-overlay-fade-in wpr-anim-size-large wpr-anim-timing-ease-default wpr-anim-transparency\" data-url=\"https:\/\/radiorecital.net\/home\/2023\/04\/05\/podcast-voces-desde-ucrania-obiymy-okean-elzy\/\"><\/div><\/div><\/div><div class=\"wpr-grid-item-below-content elementor-clearfix\"><h2 class=\"wpr-grid-item-title elementor-repeater-item-9f27388 wpr-grid-item-display-block wpr-grid-item-align-left wpr-pointer-none wpr-pointer-line-fx wpr-pointer-fx-fade\"><div class=\"inner-block\"><a target=\"_self\"  href=\"https:\/\/radiorecital.net\/home\/2023\/04\/05\/podcast-voces-desde-ucrania-obiymy-okean-elzy\/\">Voces desde Ucrania | Obiymy &#8211; Okean Elzy<\/a><\/div><\/h2><div class=\"wpr-grid-item-date elementor-repeater-item-ba74b07 wpr-grid-item-display-inline wpr-grid-item-align-left\"><div class=\"inner-block\"><span>5 de abril de 2023<span class=\"wpr-grid-extra-text-right\">\/<\/span><\/span><\/div><\/div><div class=\"wpr-grid-item-excerpt elementor-repeater-item-ac31d1d wpr-grid-item-display-block wpr-grid-item-align-left\"><div class=\"inner-block\"><p>Voces desde Ucrania busca concientizar sobre la situaci\u00f3n que se vive en Ucrania, en este microprograma presentaremos las mejores bandas...<\/p><\/div><\/div><div class=\"wpr-grid-item-read-more elementor-repeater-item-8f7c53b wpr-grid-item-display-block wpr-grid-item-align-left\"><div class=\"inner-block\"><a target=\"_self\" href=\"https:\/\/radiorecital.net\/home\/2023\/04\/05\/podcast-voces-desde-ucrania-obiymy-okean-elzy\/\" class=\"wpr-button-effect wpr-button-none\"><span>Ver Podcast<\/span><\/a><\/div><\/div><\/div><\/div><\/article><article class=\"wpr-grid-item elementor-clearfix post-2526 post type-post status-publish format-standard has-post-thumbnail hentry category-voces-desde-ucrania\"><div class=\"wpr-grid-item-inner\"><div class=\"wpr-grid-media-wrap wpr-effect-size-medium \" data-overlay-link=\"yes\"><div class=\"wpr-grid-image-wrap\" data-src=\"https:\/\/radiorecital.net\/home\/wp-content\/uploads\/2025\/02\/vocesnota.avif\" data-img-on-hover=\"\"  data-src-secondary=\"\"><img decoding=\"async\" data-no-lazy=\"1\" src=\"https:\/\/radiorecital.net\/home\/wp-content\/uploads\/2025\/02\/vocesnota.avif\" alt=\"Voces desde Ucrania\" class=\"wpr-anim-timing-ease-default\"><\/div><div class=\"wpr-grid-media-hover wpr-animation-wrap\"><div class=\"wpr-grid-media-hover-bg  wpr-overlay-fade-in wpr-anim-size-large wpr-anim-timing-ease-default wpr-anim-transparency\" data-url=\"https:\/\/radiorecital.net\/home\/2023\/04\/04\/podcast-voces-desde-ucrania-miz-ukrayini-artistas-unidos-por-ucrania\/\"><\/div><\/div><\/div><div class=\"wpr-grid-item-below-content elementor-clearfix\"><h2 class=\"wpr-grid-item-title elementor-repeater-item-9f27388 wpr-grid-item-display-block wpr-grid-item-align-left wpr-pointer-none wpr-pointer-line-fx wpr-pointer-fx-fade\"><div class=\"inner-block\"><a target=\"_self\"  href=\"https:\/\/radiorecital.net\/home\/2023\/04\/04\/podcast-voces-desde-ucrania-miz-ukrayini-artistas-unidos-por-ucrania\/\">Voces desde Ucrania | Miz Ukrayini \u2013 Artistas Unidos por Ucrania<\/a><\/div><\/h2><div class=\"wpr-grid-item-date elementor-repeater-item-ba74b07 wpr-grid-item-display-inline wpr-grid-item-align-left\"><div class=\"inner-block\"><span>4 de abril de 2023<span class=\"wpr-grid-extra-text-right\">\/<\/span><\/span><\/div><\/div><div class=\"wpr-grid-item-excerpt elementor-repeater-item-ac31d1d wpr-grid-item-display-block wpr-grid-item-align-left\"><div class=\"inner-block\"><p>Voces desde Ucrania busca concientizar sobre la situaci\u00f3n que se vive en Ucrania, en este microprograma presentaremos las mejores bandas...<\/p><\/div><\/div><div class=\"wpr-grid-item-read-more elementor-repeater-item-8f7c53b wpr-grid-item-display-block wpr-grid-item-align-left\"><div class=\"inner-block\"><a target=\"_self\" href=\"https:\/\/radiorecital.net\/home\/2023\/04\/04\/podcast-voces-desde-ucrania-miz-ukrayini-artistas-unidos-por-ucrania\/\" class=\"wpr-button-effect wpr-button-none\"><span>Ver Podcast<\/span><\/a><\/div><\/div><\/div><\/div><\/article><article class=\"wpr-grid-item elementor-clearfix post-2509 post type-post status-publish format-standard has-post-thumbnail hentry category-podcast category-voces-desde-ucrania\"><div class=\"wpr-grid-item-inner\"><div class=\"wpr-grid-media-wrap wpr-effect-size-medium \" data-overlay-link=\"yes\"><div class=\"wpr-grid-image-wrap\" data-src=\"https:\/\/radiorecital.net\/home\/wp-content\/uploads\/2025\/02\/vocesnota.avif\" data-img-on-hover=\"\"  data-src-secondary=\"\"><img decoding=\"async\" data-no-lazy=\"1\" src=\"https:\/\/radiorecital.net\/home\/wp-content\/uploads\/2025\/02\/vocesnota.avif\" alt=\"Voces desde Ucrania\" class=\"wpr-anim-timing-ease-default\"><\/div><div class=\"wpr-grid-media-hover wpr-animation-wrap\"><div class=\"wpr-grid-media-hover-bg  wpr-overlay-fade-in wpr-anim-size-large wpr-anim-timing-ease-default wpr-anim-transparency\" data-url=\"https:\/\/radiorecital.net\/home\/2023\/04\/03\/podcast-voces-desde-ucrania-stefania-kalush-orchestra\/\"><\/div><\/div><\/div><div class=\"wpr-grid-item-below-content elementor-clearfix\"><h2 class=\"wpr-grid-item-title elementor-repeater-item-9f27388 wpr-grid-item-display-block wpr-grid-item-align-left wpr-pointer-none wpr-pointer-line-fx wpr-pointer-fx-fade\"><div class=\"inner-block\"><a target=\"_self\"  href=\"https:\/\/radiorecital.net\/home\/2023\/04\/03\/podcast-voces-desde-ucrania-stefania-kalush-orchestra\/\">Voces desde Ucrania | Stefania &#8211; Kalush Orchestra<\/a><\/div><\/h2><div class=\"wpr-grid-item-date elementor-repeater-item-ba74b07 wpr-grid-item-display-inline wpr-grid-item-align-left\"><div class=\"inner-block\"><span>3 de abril de 2023<span class=\"wpr-grid-extra-text-right\">\/<\/span><\/span><\/div><\/div><div class=\"wpr-grid-item-excerpt elementor-repeater-item-ac31d1d wpr-grid-item-display-block wpr-grid-item-align-left\"><div class=\"inner-block\"><p>\u00abVoces de Ucrania\u00bb busca concientizar sobre la situaci\u00f3n que se vive en Ucrania, en este microprograma presentaremos las mejores bandas...<\/p><\/div><\/div><div class=\"wpr-grid-item-read-more elementor-repeater-item-8f7c53b wpr-grid-item-display-block wpr-grid-item-align-left\"><div class=\"inner-block\"><a target=\"_self\" href=\"https:\/\/radiorecital.net\/home\/2023\/04\/03\/podcast-voces-desde-ucrania-stefania-kalush-orchestra\/\" class=\"wpr-button-effect wpr-button-none\"><span>Ver Podcast<\/span><\/a><\/div><\/div><\/div><\/div><\/article><\/section><div class=\"wpr-grid-pagination elementor-clearfix wpr-grid-pagination-load-more\" data-pages=\"2\"><a href=\"https:\/\/radiorecital.net\/home\/wp-json\/wp\/v2\/pages\/1121\/page\/2\/\" class=\"wpr-load-more-btn\" data-e-disable-page-transition >Ver m\u00e1s<\/a><div class=\"wpr-pagination-loading\"><div class=\"wpr-double-bounce\"><div class=\"wpr-child wpr-double-bounce1\"><\/div><div class=\"wpr-child wpr-double-bounce2\"><\/div><\/div><\/div><p class=\"wpr-pagination-finish\">No hay m\u00e1s podcasts<\/p><\/div>\t\t\t\t<\/div>\n\t\t\t\t<\/div>\n\t\t\t\t\t<\/div>\n\t\t<\/div>\n\t\t\t\t\t<\/div>\n\t\t<\/section>\n\t\t\t\t<section class=\"elementor-section elementor-top-section elementor-element elementor-element-d9a90c7 elementor-section-boxed elementor-section-height-default elementor-section-height-default wpr-particle-no wpr-jarallax-no wpr-parallax-no wpr-sticky-section-no wpr-equal-height-no\" data-id=\"d9a90c7\" data-element_type=\"section\" data-e-type=\"section\">\n\t\t\t\t\t\t<div class=\"elementor-container elementor-column-gap-default\">\n\t\t\t\t\t<div class=\"elementor-column elementor-col-100 elementor-top-column elementor-element elementor-element-0e47df4\" data-id=\"0e47df4\" data-element_type=\"column\" data-e-type=\"column\">\n\t\t\t<div class=\"elementor-widget-wrap elementor-element-populated\">\n\t\t\t\t\t\t<div class=\"elementor-element elementor-element-ae5f232 elementor-widget elementor-widget-text-editor\" data-id=\"ae5f232\" data-element_type=\"widget\" data-e-type=\"widget\" data-widget_type=\"text-editor.default\">\n\t\t\t\t<div class=\"elementor-widget-container\">\n\t\t\t\t\t\t\t\t\t<p><div id=\"mrp-wrapper1\" class=\"mrp-player mrp-skin-fixed\"><div class=\"mrp-player-wrap\">\r\n\r\n\t           \t\t<div class=\"mrp-player-holder\">\r\n\r\n\t                    <div class=\"mrp-player-thumb-wrap\">\r\n\t                        <div class=\"mrp-player-thumb1 mrp-thumb-hidden\"><\/div>\r\n\t                        <div class=\"mrp-player-thumb2 mrp-thumb-hidden\"><\/div>\r\n\t                    <\/div><div class=\"mrp-info\">\r\n\t                        <p class=\"mrp-player-title\"><\/p>\r\n\t                        <p class=\"mrp-player-artist\"><\/p>\r\n\t                    <\/div>\r\n\r\n\t                    <div class=\"mrp-ad-interface\">\r\n            <div class=\"mrp-ad-interface-inner\">\r\n                <div class=\"mrp-ad-interface-header\">\r\n                Anuncio en reproducci\u00f3n\r\n                <\/div>\r\n                <div class=\"mrp-ad-interface-timer\">\r\n                Volvemos en&#8230;&nbsp;<span class=\"mrp-ad-interface-time\"><\/span>\r\n                <\/div>\r\n            <\/div>\r\n        <\/div>   \r\n\t\t                \r\n\t\t                <button type=\"button\" class=\"mrp-playback-toggle mrp-btn-reset mrp-contr-btn\">\r\n\t                        <span class=\"mrp-pause-icon\">\r\n\t\t                        <svg role='img' aria-hidden='true' viewBox='0 0 448 512'><path d='M144 479H48c-26.5 0-48-21.5-48-48V79c0-26.5 21.5-48 48-48h96c26.5 0 48 21.5 48 48v352c0 26.5-21.5 48-48 48zm304-48V79c0-26.5-21.5-48-48-48h-96c-26.5 0-48 21.5-48 48v352c0 26.5 21.5 48 48 48h96c26.5 0 48-21.5 48-48z'><\/path><\/svg>\r\n\t\t                    <\/span>    \r\n\t\t                    <span class=\"mrp-play-icon\">\r\n\t\t                        <svg role='img' aria-hidden='true' viewBox='0 0 448 512'><path d='M424.4 214.7L72.4 6.6C43.8-10.3 0 6.1 0 47.9V464c0 37.5 40.7 60.1 72.4 41.3l352-208c31.4-18.5 31.5-64.1 0-82.6z'><\/path><\/svg>\r\n\t\t                    <\/span>   \r\n\t                    <\/button>\r\n\r\n\t                    <div class=\"mrp-player-controls-right\">\r\n\r\n\t\t                    <div class=\"mrp-volume-wrap mrp-contr-btn\">\r\n\r\n\t                            <div class=\"mrp-volume-seekbar\">\r\n\t                                <div class=\"mrp-volume-bg\"><\/div>\r\n\t                                <div class=\"mrp-volume-level\"><\/div>\r\n\t                            <\/div>\r\n\r\n\t                            <button type=\"button\" class=\"mrp-volume-toggle mrp-btn-reset\" data-tooltip=\"Volumen\">\r\n\t                                <span class=\"mrp-volume-icon mrp-contr-btn\">\r\n\t\t\t                            <svg role='img' aria-hidden='true' viewBox='0 0 576 512'><path d='M215.03 71.05L126.06 160H24c-13.26 0-24 10.74-24 24v144c0 13.25 10.74 24 24 24h102.06l88.97 88.95c15.03 15.03 40.97 4.47 40.97-16.97V88.02c0-21.46-25.96-31.98-40.97-16.97zm233.32-51.08c-11.17-7.33-26.18-4.24-33.51 6.95-7.34 11.17-4.22 26.18 6.95 33.51 66.27 43.49 105.82 116.6 105.82 195.58 0 78.98-39.55 152.09-105.82 195.58-11.17 7.32-14.29 22.34-6.95 33.5 7.04 10.71 21.93 14.56 33.51 6.95C528.27 439.58 576 351.33 576 256S528.27 72.43 448.35 19.97zM480 256c0-63.53-32.06-121.94-85.77-156.24-11.19-7.14-26.03-3.82-33.12 7.46s-3.78 26.21 7.41 33.36C408.27 165.97 432 209.11 432 256s-23.73 90.03-63.48 115.42c-11.19 7.14-14.5 22.07-7.41 33.36 6.51 10.36 21.12 15.14 33.12 7.46C447.94 377.94 480 319.54 480 256zm-141.77-76.87c-11.58-6.33-26.19-2.16-32.61 9.45-6.39 11.61-2.16 26.2 9.45 32.61C327.98 228.28 336 241.63 336 256c0 14.38-8.02 27.72-20.92 34.81-11.61 6.41-15.84 21-9.45 32.61 6.43 11.66 21.05 15.8 32.61 9.45 28.23-15.55 45.77-45 45.77-76.88s-17.54-61.32-45.78-76.86z'><\/path><\/svg>\r\n\t\t\t                        <\/span>  \r\n\t\t\t                        <span class=\"mrp-mute-icon mrp-contr-btn\">\r\n\t\t\t                            <svg role='img' aria-hidden='true' viewBox='0 0 640 512'><path d='M633.82 458.1l-69-53.33C592.42 360.8 608 309.68 608 256c0-95.33-47.73-183.58-127.65-236.03-11.17-7.33-26.18-4.24-33.51 6.95-7.34 11.17-4.22 26.18 6.95 33.51 66.27 43.49 105.82 116.6 105.82 195.58 0 42.78-11.96 83.59-33.22 119.06l-38.12-29.46C503.49 318.68 512 288.06 512 256c0-63.09-32.06-122.09-85.77-156.16-11.19-7.09-26.03-3.8-33.12 7.41-7.09 11.2-3.78 26.03 7.41 33.13C440.27 165.59 464 209.44 464 256c0 21.21-5.03 41.57-14.2 59.88l-39.56-30.58c3.38-9.35 5.76-19.07 5.76-29.3 0-31.88-17.53-61.33-45.77-76.88-11.58-6.33-26.19-2.16-32.61 9.45-6.39 11.61-2.16 26.2 9.45 32.61 11.76 6.46 19.12 18.18 20.4 31.06L288 190.82V88.02c0-21.46-25.96-31.98-40.97-16.97l-49.71 49.7L45.47 3.37C38.49-2.05 28.43-.8 23.01 6.18L3.37 31.45C-2.05 38.42-.8 48.47 6.18 53.9l588.36 454.73c6.98 5.43 17.03 4.17 22.46-2.81l19.64-25.27c5.41-6.97 4.16-17.02-2.82-22.45zM32 184v144c0 13.25 10.74 24 24 24h102.06l88.97 88.95c15.03 15.03 40.97 4.47 40.97-16.97V352.6L43.76 163.84C36.86 168.05 32 175.32 32 184z'><\/path><\/svg>\r\n\t\t\t                        <\/span>\r\n\t                            <\/button> \r\n\r\n\t                        <\/div><button type=\"button\" class=\"mrp-playlist-toggle mrp-btn-reset mrp-contr-btn\" data-tooltip=\"Ultimas canciones:\">\r\n\t\t                        <svg role='img' aria-hidden='true' viewBox='0 0 512 512'><path d='M128 116V76c0-8.837 7.163-16 16-16h352c8.837 0 16 7.163 16 16v40c0 8.837-7.163 16-16 16H144c-8.837 0-16-7.163-16-16zm16 176h352c8.837 0 16-7.163 16-16v-40c0-8.837-7.163-16-16-16H144c-8.837 0-16 7.163-16 16v40c0 8.837 7.163 16 16 16zm0 160h352c8.837 0 16-7.163 16-16v-40c0-8.837-7.163-16-16-16H144c-8.837 0-16 7.163-16 16v40c0 8.837 7.163 16 16 16zM16 144h64c8.837 0 16-7.163 16-16V64c0-8.837-7.163-16-16-16H16C7.163 48 0 55.163 0 64v64c0 8.837 7.163 16 16 16zm0 160h64c8.837 0 16-7.163 16-16v-64c0-8.837-7.163-16-16-16H16c-8.837 0-16 7.163-16 16v64c0 8.837 7.163 16 16 16zm0 160h64c8.837 0 16-7.163 16-16v-64c0-8.837-7.163-16-16-16H16c-8.837 0-16 7.163-16 16v64c0 8.837 7.163 16 16 16z'><\/path><\/svg>\r\n\t\t                    <\/button><\/div><div class=\"mrp-preloader\"><\/div>\r\n\t\t                      \r\n\t\t            <\/div><div class=\"mrp-playlist-holder\">\r\n\r\n\t\t\t                <div class=\"mrp-playlist-bar\"><div class=\"mrp-history-title mrp-title-active\">Ultimas canciones:<\/div><\/div><div class=\"mrp-history-inner\">\r\n\t\t\t\t                    <div class=\"mrp-history-content\"><\/div>\r\n\t\t\t\t                <\/div><div class=\"mrp-playlist-filter-msg\"><span>NOTHING FOUND!<\/span><\/div>\r\n\r\n\t                    \t<div class=\"mrp-playlist-bottom-bar\">\r\n\t                        \r\n\t\t                        <input class=\"mrp-search-filter\" type=\"text\" placeholder=\"Search..\">\r\n\r\n\t\t                        <div class=\"mrp-bottom-bar-controls\"><button type=\"button\" class=\"mrp-share-toggle mrp-btn-reset mrp-contr-btn\" data-tooltip=\"Compartir\">\r\n\t\t\t\t\t                        <svg role='img' aria-hidden='true' viewBox='0 0 448 512'><path d='M352 320c-22.608 0-43.387 7.819-59.79 20.895l-102.486-64.054a96.551 96.551 0 0 0 0-41.683l102.486-64.054C308.613 184.181 329.392 192 352 192c53.019 0 96-42.981 96-96S405.019 0 352 0s-96 42.981-96 96c0 7.158.79 14.13 2.276 20.841L155.79 180.895C139.387 167.819 118.608 160 96 160c-53.019 0-96 42.981-96 96s42.981 96 96 96c22.608 0 43.387-7.819 59.79-20.895l102.486 64.054A96.301 96.301 0 0 0 256 416c0 53.019 42.981 96 96 96s96-42.981 96-96-42.981-96-96-96z'><\/path><\/svg>\r\n\t\t\t\t\t                    <\/button><\/div><\/div><\/div><div class=\"mrp-share-holder\">\r\n            <div class=\"mrp-share-holder-inner\">\r\n            <div class=\"mrp-share-container\"><button type=\"button\" class=\"mrp-share-item mrp-btn-reset mrp-contr-btn\" data-type=\"tumblr\" data-tooltip=\"Compartir en Tumblr\">\r\n                    <svg role='img' aria-hidden='true' viewBox='0 0 448 512'><path d='M400 32H48C21.5 32 0 53.5 0 80v352c0 26.5 21.5 48 48 48h352c26.5 0 48-21.5 48-48V80c0-26.5-21.5-48-48-48zm-82.3 364.2c-8.5 9.1-31.2 19.8-60.9 19.8-75.5 0-91.9-55.5-91.9-87.9v-90h-29.7c-3.4 0-6.2-2.8-6.2-6.2v-42.5c0-4.5 2.8-8.5 7.1-10 38.8-13.7 50.9-47.5 52.7-73.2.5-6.9 4.1-10.2 10-10.2h44.3c3.4 0 6.2 2.8 6.2 6.2v72h51.9c3.4 0 6.2 2.8 6.2 6.2v51.1c0 3.4-2.8 6.2-6.2 6.2h-52.1V321c0 21.4 14.8 33.5 42.5 22.4 3-1.2 5.6-2 8-1.4 2.2.5 3.6 2.1 4.6 4.9l13.8 40.2c1 3.2 2 6.7-.3 9.1z'><\/path><\/svg>\r\n                <\/button><button type=\"button\" class=\"mrp-share-item mrp-btn-reset mrp-contr-btn\" data-type=\"twitter\" data-tooltip=\"Compartir en X\">\r\n                    <svg role='img' aria-hidden='true' viewBox='0 0 448 512'><path d='M400 32H48C21.5 32 0 53.5 0 80v352c0 26.5 21.5 48 48 48h352c26.5 0 48-21.5 48-48V80c0-26.5-21.5-48-48-48zm-48.9 158.8c.2 2.8.2 5.7.2 8.5 0 86.7-66 186.6-186.6 186.6-37.2 0-71.7-10.8-100.7-29.4 5.3.6 10.4.8 15.8.8 30.7 0 58.9-10.4 81.4-28-28.8-.6-53-19.5-61.3-45.5 10.1 1.5 19.2 1.5 29.6-1.2-30-6.1-52.5-32.5-52.5-64.4v-.8c8.7 4.9 18.9 7.9 29.6 8.3a65.447 65.447 0 0 1-29.2-54.6c0-12.2 3.2-23.4 8.9-33.1 32.3 39.8 80.8 65.8 135.2 68.6-9.3-44.5 24-80.6 64-80.6 18.9 0 35.9 7.9 47.9 20.7 14.8-2.8 29-8.3 41.6-15.8-4.9 15.2-15.2 28-28.8 36.1 13.2-1.4 26-5.1 37.8-10.2-8.9 13.1-20.1 24.7-32.9 34z'><\/path><\/svg>\r\n                <\/button><button type=\"button\" class=\"mrp-share-item mrp-btn-reset mrp-contr-btn\" data-type=\"facebook\" data-tooltip=\"Compartir en Facebook\">\r\n                    <svg role='img' aria-hidden='true' viewBox='0 0 448 512'><path d='M400 32H48A48 48 0 0 0 0 80v352a48 48 0 0 0 48 48h137.25V327.69h-63V256h63v-54.64c0-62.15 37-96.48 93.67-96.48 27.14 0 55.52 4.84 55.52 4.84v61h-31.27c-30.81 0-40.42 19.12-40.42 38.73V256h68.78l-11 71.69h-57.78V480H400a48 48 0 0 0 48-48V80a48 48 0 0 0-48-48z'><\/path><\/svg>\r\n                <\/button><button type=\"button\" class=\"mrp-share-item mrp-btn-reset mrp-contr-btn\" data-type=\"whatsapp\" data-tooltip=\"Compartir en WhatsApp\">\r\n                    <svg role='img' aria-hidden='true' viewBox='0 0 448 512'><path d='M224 122.8c-72.7 0-131.8 59.1-131.9 131.8 0 24.9 7 49.2 20.2 70.1l3.1 5-13.3 48.6 49.9-13.1 4.8 2.9c20.2 12 43.4 18.4 67.1 18.4h.1c72.6 0 133.3-59.1 133.3-131.8 0-35.2-15.2-68.3-40.1-93.2-25-25-58-38.7-93.2-38.7zm77.5 188.4c-3.3 9.3-19.1 17.7-26.7 18.8-12.6 1.9-22.4.9-47.5-9.9-39.7-17.2-65.7-57.2-67.7-59.8-2-2.6-16.2-21.5-16.2-41s10.2-29.1 13.9-33.1c3.6-4 7.9-5 10.6-5 2.6 0 5.3 0 7.6.1 2.4.1 5.7-.9 8.9 6.8 3.3 7.9 11.2 27.4 12.2 29.4s1.7 4.3.3 6.9c-7.6 15.2-15.7 14.6-11.6 21.6 15.3 26.3 30.6 35.4 53.9 47.1 4 2 6.3 1.7 8.6-1 2.3-2.6 9.9-11.6 12.5-15.5 2.6-4 5.3-3.3 8.9-2 3.6 1.3 23.1 10.9 27.1 12.9s6.6 3 7.6 4.6c.9 1.9.9 9.9-2.4 19.1zM400 32H48C21.5 32 0 53.5 0 80v352c0 26.5 21.5 48 48 48h352c26.5 0 48-21.5 48-48V80c0-26.5-21.5-48-48-48zM223.9 413.2c-26.6 0-52.7-6.7-75.8-19.3L64 416l22.5-82.2c-13.9-24-21.2-51.3-21.2-79.3C65.4 167.1 136.5 96 223.9 96c42.4 0 82.2 16.5 112.2 46.5 29.9 30 47.9 69.8 47.9 112.2 0 87.4-72.7 158.5-160.1 158.5z'><\/path><\/svg>\r\n                <\/button><button type=\"button\" class=\"mrp-share-item mrp-btn-reset mrp-contr-btn\" data-type=\"linkedin\" data-tooltip=\"Compartir en LinkedIn\">\r\n                    <svg role='img' aria-hidden='true' viewBox='0 0 448 512'><path d='M100.28 448H7.4V148.9h92.88zM53.79 108.1C24.09 108.1 0 83.5 0 53.8a53.79 53.79 0 0 1 107.58 0c0 29.7-24.1 54.3-53.79 54.3zM447.9 448h-92.68V302.4c0-34.7-.7-79.2-48.29-79.2-48.29 0-55.69 37.7-55.69 76.7V448h-92.78V148.9h89.08v40.8h1.3c12.4-23.5 42.69-48.3 87.88-48.3 94 0 111.28 61.9 111.28 142.3V448z'><\/path><\/svg>\r\n                <\/button><button type=\"button\" class=\"mrp-share-item mrp-btn-reset mrp-contr-btn\" data-type=\"reddit\" data-tooltip=\"Compartir en Reddit\">\r\n                    <svg role='img' aria-hidden='true' viewBox='0 0 512 512'><path d='M201.5 305.5c-13.8 0-24.9-11.1-24.9-24.6 0-13.8 11.1-24.9 24.9-24.9 13.6 0 24.6 11.1 24.6 24.9 0 13.6-11.1 24.6-24.6 24.6zM504 256c0 137-111 248-248 248S8 393 8 256 119 8 256 8s248 111 248 248zm-132.3-41.2c-9.4 0-17.7 3.9-23.8 10-22.4-15.5-52.6-25.5-86.1-26.6l17.4-78.3 55.4 12.5c0 13.6 11.1 24.6 24.6 24.6 13.8 0 24.9-11.3 24.9-24.9s-11.1-24.9-24.9-24.9c-9.7 0-18 5.8-22.1 13.8l-61.2-13.6c-3-.8-6.1 1.4-6.9 4.4l-19.1 86.4c-33.2 1.4-63.1 11.3-85.5 26.8-6.1-6.4-14.7-10.2-24.1-10.2-34.9 0-46.3 46.9-14.4 62.8-1.1 5-1.7 10.2-1.7 15.5 0 52.6 59.2 95.2 132 95.2 73.1 0 132.3-42.6 132.3-95.2 0-5.3-.6-10.8-1.9-15.8 31.3-16 19.8-62.5-14.9-62.5zM302.8 331c-18.2 18.2-76.1 17.9-93.6 0-2.2-2.2-6.1-2.2-8.3 0-2.5 2.5-2.5 6.4 0 8.6 22.8 22.8 87.3 22.8 110.2 0 2.5-2.2 2.5-6.1 0-8.6-2.2-2.2-6.1-2.2-8.3 0zm7.7-75c-13.6 0-24.6 11.1-24.6 24.9 0 13.6 11.1 24.6 24.6 24.6 13.8 0 24.9-11.1 24.9-24.6 0-13.8-11-24.9-24.9-24.9z'><\/path><\/svg>\r\n                <\/button><button type=\"button\" class=\"mrp-share-item mrp-btn-reset mrp-contr-btn\" data-type=\"digg\" data-tooltip=\"Compartir en Digg\">\r\n                    <svg role='img' aria-hidden='true' viewBox='0 0 512 512'><path d='M81.7 172.3H0v174.4h132.7V96h-51v76.3zm0 133.4H50.9v-92.3h30.8v92.3zm297.2-133.4v174.4h81.8v28.5h-81.8V416H512V172.3H378.9zm81.8 133.4h-30.8v-92.3h30.8v92.3zm-235.6 41h82.1v28.5h-82.1V416h133.3V172.3H225.1v174.4zm51.2-133.3h30.8v92.3h-30.8v-92.3zM153.3 96h51.3v51h-51.3V96zm0 76.3h51.3v174.4h-51.3V172.3z'><\/path><\/svg>\r\n                <\/button><button type=\"button\" class=\"mrp-share-item mrp-btn-reset mrp-contr-btn\" data-type=\"pinterest\" data-tooltip=\"Compartir en Pinterest\">\r\n                    <svg role='img' aria-hidden='true' viewBox='0 0 496 512'><path d='M496 256c0 137-111 248-248 248-25.6 0-50.2-3.9-73.4-11.1 10.1-16.5 25.2-43.5 30.8-65 3-11.6 15.4-59 15.4-59 8.1 15.4 31.7 28.5 56.8 28.5 74.8 0 128.7-68.8 128.7-154.3 0-81.9-66.9-143.2-152.9-143.2-107 0-163.9 71.8-163.9 150.1 0 36.4 19.4 81.7 50.3 96.1 4.7 2.2 7.2 1.2 8.3-3.3.8-3.4 5-20.3 6.9-28.1.6-2.5.3-4.7-1.7-7.1-10.1-12.5-18.3-35.3-18.3-56.6 0-54.7 41.4-107.6 112-107.6 60.9 0 103.6 41.5 103.6 100.9 0 67.1-33.9 113.6-78 113.6-24.3 0-42.6-20.1-36.7-44.8 7-29.5 20.5-61.3 20.5-82.6 0-19-10.2-34.9-31.4-34.9-24.9 0-44.9 25.7-44.9 60.2 0 22 7.4 36.8 7.4 36.8s-24.5 103.8-29 123.2c-5 21.4-3 51.6-.9 71.2C65.4 450.9 0 361.1 0 256 0 119 111 8 248 8s248 111 248 248z'><\/path><\/svg>\r\n                <\/button><\/div><\/div>\r\n\r\n            <button type=\"button\" class=\"mrp-share-close mrp-btn-reset mrp-contr-btn\" data-tooltip=\"Cerrar\">\r\n                <svg aria-hidden='true' role='img' viewBox='0 0 320 512'><path d='M193.94 256L296.5 153.44l21.15-21.15c3.12-3.12 3.12-8.19 0-11.31l-22.63-22.63c-3.12-3.12-8.19-3.12-11.31 0L160 222.06 36.29 98.34c-3.12-3.12-8.19-3.12-11.31 0L2.34 120.97c-3.12 3.12-3.12 8.19 0 11.31L126.06 256 2.34 379.71c-3.12 3.12-3.12 8.19 0 11.31l22.63 22.63c3.12 3.12 8.19 3.12 11.31 0L160 289.94 262.56 392.5l21.15 21.15c3.12 3.12 8.19 3.12 11.31 0l22.63-22.63c3.12-3.12 3.12-8.19 0-11.31L193.94 256z'><\/path><\/svg>\r\n            <\/button>\r\n            \r\n        <\/div><div class=\"mrp-tooltip\"><\/div><\/div><div class=\"mrp-playlist-list1\" style=\"display:none;\">\n<div class=\"mrp-playlist-1\" data-playlist-id=\"1\">\n<div class=\"mrp-playlist-item\" data-media-id=\"1\" data-type=\"shoutcast\" data-radio-url=\"https:\/\/stream20.usastreams.com:8116\/;\" data-version=\"2\" data-radio-thumb=\"https:\/\/radiorecital.net\/home\/wp-content\/uploads\/2023\/07\/cover.jpg\"><\/div>\n<\/div><\/div><\/div><script>var htmlDivCss = \"#mrp-wrapper1 .mrp-player-wrap{background-color:rgb(255,255,255)}#mrp-wrapper1 .mrp-contr-btn{color:rgb(5,36,83) !important}#mrp-wrapper1 .mrp-player-title{color:rgb(5,36,83)}#mrp-wrapper1 .mrp-player-artist{color:rgb(5,36,83)}#mrp-wrapper1 .mrp-playback-toggle{background:rgb(213,115,11);color:rgb(255,255,255)!important}#mrp-wrapper1 .mrp-volume-bg{background-color:#969696}#mrp-wrapper1 .mrp-volume-level{background:rgb(213,115,11)}#mrp-wrapper1 .mrp-playlist-bar{color:rgb(5,36,83)}#mrp-wrapper1 .mrp-playlist-inner .mrp-playlist-item:hover,#mrp-wrapper1 .mrp-playlist-inner .mrp-playlist-item-active{background:rgb(5,36,83)}#mrp-wrapper1 .mrp-playlist-inner .mrp-playlist-item:hover .mrp-playlist-title,#mrp-wrapper1 .mrp-playlist-inner .mrp-playlist-item-active .mrp-playlist-title{color:rgb(255,255,255)}#mrp-wrapper1 .mrp-playlist-item{border-bottom:1px solid rgb(35,35,35)}#mrp-wrapper1 .mrp-playlist-title{color:rgb(5,36,83)}#mrp-wrapper1 .mrp-playlist-separator{color:rgb(5,36,83)}#mrp-wrapper1 .mrp-playlist-artist{color:#052453}#mrp-wrapper1 .mrp-playlist-filter-msg span{color:rgb(5,36,83)}#mrp-wrapper1 .mrp-search-filter{background:rgb(255,255,255)!important;border:1px solid rgb(51,51,51)!important;color:rgb(5,36,83)!important}#mrp-wrapper1 .mrp-tooltip{background:rgb(5,36,83);color:rgb(5,36,83)}#mrp-wrapper1 .mrp-preloader{background-color:#d5730b}#mrp-wrapper1 .mrp-ad-interface{background:rgb(5,36,83);color:rgb(5,36,83)}\";\r\n            var htmlDiv = document.getElementById(\"mrp-inline-css\");\r\n            if(htmlDiv){\r\n                htmlDiv.innerHTML = htmlDiv.innerHTML + htmlDivCss;\r\n            }else{\r\n                var htmlDiv = document.createElement(\"div\");\r\n                htmlDiv.innerHTML = \"<style id='mrp-inline-css'>\" + htmlDivCss + \"<\/style>\";\r\n                document.getElementsByTagName(\"head\")[0].appendChild(htmlDiv.childNodes[0]);\r\n            }if (!\/loaded|interactive|complete\/.test(document.readyState)) document.addEventListener(\"DOMContentLoaded\",onLoad); else onLoad();  \r\n            function onLoad() {    \r\n\r\n            \tvar settings = {\r\n                    plugin_version: 4.85,\r\n                    preset: \"fixed\",\r\n                    wpEmbedUrl:\"https:\/\/radiorecital.net\/home\/wp-content\/plugins\/apmrp\/\",\r\n                    cssUrl: \"css\/fixed.css\",\r\n                    playerId: 1,\r\n                    ajax_url: \"https:\/\/radiorecital.net\/home\/wp-admin\/admin-ajax.php\",\r\n            \t\tinstanceName: \"mrp_player1\",\r\n                    sourcePath: \"https:\/\/radiorecital.net\/home\/wp-content\/plugins\/apmrp\/source\/\",\r\n                    playlistList: \".mrp-playlist-list1\",\r\n                    activePlaylist: \".mrp-playlist-1\",\r\n                    activeItem: 0,\r\n                    volume: 0.5,\r\n                    autoPlay: true,\r\n                    autoPlayInViewport: false,\r\n                    autoResumeAfterAdd:\"1\",\r\n                    preload: \"auto\",\r\n                    hasSchedule: false,\r\n                    isSchedule: false,\r\n                    scheduleData: [],\r\n                    scheduleTimeData: [],\r\n                    usePlaylistScroll: true,\r\n                    playlistScrollType: \"perfect-scrollbar\",\r\n                    useNativeShare: false,\r\n                    useStatistics: true,\r\n                    useServerStats: false,\r\n                    closeStationListOnSelectStation: false,\r\n                    useKeyboardNavigationForPlayback: false,\r\n                    useGlobalKeyboardControls: false,\r\n                    togglePlaybackOnMultipleInstances: true,\r\n                    lastPlayedInterval: 10000,\r\n                    createRadioList: false,\r\n                    createHistoryList: true,\r\n                    createHistoryListAsItPlays: false,\r\n                    getHistoryArtwork: true,\r\n                    defaultHistoryArtwork: \"https:\/\/radiorecital.net\/home\/wp-content\/uploads\/2023\/07\/cover.jpg\",\r\n                    slim: {\"token\":\"token-sTPnJ5ryt5y4ZskWxHkRyxbgl;huv-x1FnijEIoWQxqMa7LpCyjVO=;key-047512847852920461277085972477100045312446469011429086;ce-3o0zvw3qb3jjl5yakscz60b\",\"msgs\":\"Your license is now registered!\",\"huv\":\"x1FnijEIoWQxqMa7LpCyjVO=\",\"key\":\"8602525761943194749366257877214961522540937957313772186929\",\"ce\":\"kadqbif4iz\",\"time\":1740414575},\r\n                    slim_sa: \"\",  \r\n                    getPlayerArtwork: true,\r\n                    artworkSource: \"itunes\",\r\n                    loadingRadioMessage: \"Cargando Radio Recital...\",\r\n                    offlineRadioMessage: \"Fuera del Aire\",\r\n                    radioMetadataNotAvailableMessage: \"Donde vive la buena m\u00fasica\",\r\n                    saveCache:1777456196,\r\n                    defaultPlayerArtwork: \"https:\/\/radiorecital.net\/home\/wp-content\/uploads\/2023\/07\/cover.jpg\",\r\n                    playlistTitleArtistSeparator: \"-\",\r\n                    playerArtworkSize: \"256x256bb\",\r\n                    enableCors:false,\r\n                    cors: \"https:\/\/cors-anywhere.herokuapp.com\/\",\r\n                    useCorsForAudio:false,\r\n                    defaultSongArtist: \"Donde vive la buena m\u00fasica\",\r\n                    defaultSongTitle: \"Radio Recital\",\r\n                    useFullTitle: false,\r\n                    fixRadioUrl: true,\r\n                    useSingleAudioEmbed: false,\r\n                    ad_id: \"-1\",\r\n                    hideEmbedFunctionWhenEmbeded: true,\r\n                    useVisualizer: false,\r\n                    visualizerPosition: \"bottom\",\r\n                    visualizerType: \"wave\",\r\n                    visualizerWidth: \"100%\",\r\n                    visualizerHeight: \"200\",\r\n                    visualizerStroke: \"1\",\r\n                    visualizerColors: \"#333,#ff2a67,#7ee8fa\",\r\n                    visualizerParent: \".mrp-player-thumb-wrap\",\r\n\r\n                    minimizeOnScroll: false,\r\n                    minimizeOnScrollOnlyIfPlaying: false,\r\n                    minimizeClass: \"mrp-minimize-bl\",\r\n                    useMinimizeCloseBtn: false,\r\n                    hidePlaylistOnMinimize: false,\r\n\r\n                    playbackRateArr: [0.5,1,1.1999999999999999555910790149937383830547332763671875,1.5,2],\r\n\r\n                    disableControlsInAdvert: false,\r\n                    pauseAudioDuringAds: false,\r\n\r\n                    popupWindowTitle: \"Radio Player\",\r\n                    popupWidth: \"\",\r\n                    popupHeight: \"\",\r\n                    usePlaylistSelector: false,\r\n                    playlistSelectorStyle: \"select\",\r\n                    playlistSelectorMode: \"playlist\",\r\n                    adContentPosition: \"bottom\",\r\n                    adContentPositionCustom: \"\",\r\n                    audiodbApk: \"\",\r\n                    hlsConfig:\"\",\r\n                    adContent:\"\",\r\n                    mediaId:\"\",\r\n\r\n                    useSticky:false,\r\n                    stickyWrapperId:\"mrp-sticky-1\",\r\n            \t}\nwindow.mrp_player1 = new mrp(document.getElementById(\"mrp-wrapper1\"), settings)};<\/script><\/p>\t\t\t\t\t\t\t\t<\/div>\n\t\t\t\t<\/div>\n\t\t\t\t\t<\/div>\n\t\t<\/div>\n\t\t\t\t\t<\/div>\n\t\t<\/section>\n\t\t\t\t<\/div>\n\t\t","protected":false},"excerpt":{"rendered":"<p>VOCES DESDE UCRANIA \u00abVoces de Ucrania\u00bb busca concientizar sobre la situaci\u00f3n de invasi\u00f3n que se vive actualmente en Ucrania. En este microprograma presentaremos las mejores bandas y artistas de Ucrania que pese a la guerra siguen regal\u00e1ndonos su talento. Porque la buena m\u00fasica no conoce el odio de la guerra.\u00a0De lunes a viernes a las 02:00, 04:00, 14:00, 18:00 y 23:00 GMT. Tambi\u00e9n los invitamos a ayudar a Ucrania a trav\u00e9s de la plataforma United24 All Posts Voces desde Ucrania Voces desde Ucrania | Oi u Luzi Chernova Kalyna &#8211; Eliza Izmalkova 8 de abril de 2023\/ \u00abVoces de Ucrania\u00bb busca concientizar sobre la situaci\u00f3n que se vive en Ucrania, en este microprograma presentaremos las mejores bandas&#8230; Ver Podcast Voces desde Ucrania | Damned November &#8211; MZLV 7 de abril de 2023\/ \u00abVoces de Ucrania\u00bb busca concientizar sobre la situaci\u00f3n que se vive en Ucrania, en este microprograma presentaremos las mejores bandas&#8230; Ver Podcast Voces desde Ucrania | Bayraktar \u2013 Taras Borokov 6 de abril de 2023\/ Voces desde Ucrania busca concientizar sobre la situaci\u00f3n que se vive en Ucrania, en este microprograma presentaremos las mejores bandas&#8230; Ver Podcast Voces desde Ucrania | Obiymy &#8211; Okean Elzy 5 de abril de 2023\/ Voces desde Ucrania busca concientizar sobre la situaci\u00f3n que se vive en Ucrania, en este microprograma presentaremos las mejores bandas&#8230; Ver Podcast Voces desde Ucrania | Miz Ukrayini \u2013 Artistas Unidos por Ucrania 4 de abril de 2023\/ Voces desde Ucrania busca concientizar sobre la situaci\u00f3n que se vive en Ucrania, en este microprograma presentaremos las mejores bandas&#8230; Ver Podcast Voces desde Ucrania | Stefania &#8211; Kalush Orchestra 3 de abril de 2023\/ \u00abVoces de Ucrania\u00bb busca concientizar sobre la situaci\u00f3n que se vive en Ucrania, en este microprograma presentaremos las mejores bandas&#8230; Ver Podcast Ver m\u00e1s No hay m\u00e1s podcasts<\/p>\n","protected":false},"author":1,"featured_media":0,"parent":0,"menu_order":0,"comment_status":"closed","ping_status":"closed","template":"","meta":{"site-sidebar-layout":"default","site-content-layout":"","ast-site-content-layout":"normal-width-container","site-content-style":"boxed","site-sidebar-style":"default","ast-global-header-display":"","ast-banner-title-visibility":"","ast-main-header-display":"","ast-hfb-above-header-display":"","ast-hfb-below-header-display":"","ast-hfb-mobile-header-display":"","site-post-title":"","ast-breadcrumbs-content":"","ast-featured-img":"","footer-sml-layout":"","ast-disable-related-posts":"","theme-transparent-header-meta":"","adv-header-id-meta":"","stick-header-meta":"","header-above-stick-meta":"","header-main-stick-meta":"","header-below-stick-meta":"","astra-migrate-meta-layouts":"set","ast-page-background-enabled":"default","ast-page-background-meta":{"desktop":{"background-color":"","background-image":"","background-repeat":"repeat","background-position":"center center","background-size":"auto","background-attachment":"scroll","background-type":"","background-media":"","overlay-type":"","overlay-color":"","overlay-opacity":"","overlay-gradient":""},"tablet":{"background-color":"","background-image":"","background-repeat":"repeat","background-position":"center center","background-size":"auto","background-attachment":"scroll","background-type":"","background-media":"","overlay-type":"","overlay-color":"","overlay-opacity":"","overlay-gradient":""},"mobile":{"background-color":"","background-image":"","background-repeat":"repeat","background-position":"center center","background-size":"auto","background-attachment":"scroll","background-type":"","background-media":"","overlay-type":"","overlay-color":"","overlay-opacity":"","overlay-gradient":""}},"ast-content-background-meta":{"desktop":{"background-color":"var(--ast-global-color-5)","background-image":"","background-repeat":"repeat","background-position":"center center","background-size":"auto","background-attachment":"scroll","background-type":"","background-media":"","overlay-type":"","overlay-color":"","overlay-opacity":"","overlay-gradient":""},"tablet":{"background-color":"var(--ast-global-color-5)","background-image":"","background-repeat":"repeat","background-position":"center center","background-size":"auto","background-attachment":"scroll","background-type":"","background-media":"","overlay-type":"","overlay-color":"","overlay-opacity":"","overlay-gradient":""},"mobile":{"background-color":"var(--ast-global-color-5)","background-image":"","background-repeat":"repeat","background-position":"center center","background-size":"auto","background-attachment":"scroll","background-type":"","background-media":"","overlay-type":"","overlay-color":"","overlay-opacity":"","overlay-gradient":""}},"_FSMCFIC_featured_image_caption":"","_FSMCFIC_featured_image_nocaption":"","_FSMCFIC_featured_image_hide":"","footnotes":""},"class_list":["post-1121","page","type-page","status-publish","hentry"],"yoast_head":"<!-- This site is optimized with the Yoast SEO plugin v27.4 - https:\/\/yoast.com\/product\/yoast-seo-wordpress\/ -->\n<title>Voces desde Ucrania | Radio Recital<\/title>\n<meta name=\"description\" content=\"&quot;Voces de Ucrania&quot; busca concientizar sobre la invasi\u00f3n y la guerra que se vive en Ucrania a trav\u00e9s de la m\u00fasica de artistas ucranianos.\" \/>\n<meta name=\"robots\" content=\"index, follow, max-snippet:-1, max-image-preview:large, max-video-preview:-1\" \/>\n<link rel=\"canonical\" href=\"https:\/\/radiorecital.net\/home\/voces-desde-ucrania\/\" \/>\n<meta property=\"og:locale\" content=\"es_ES\" \/>\n<meta property=\"og:type\" content=\"article\" \/>\n<meta property=\"og:title\" content=\"Voces desde Ucrania | Radio Recital\" \/>\n<meta property=\"og:description\" content=\"&quot;Voces de Ucrania&quot; busca concientizar sobre la invasi\u00f3n y la guerra que se vive en Ucrania a trav\u00e9s de la m\u00fasica de artistas ucranianos.\" \/>\n<meta property=\"og:url\" content=\"https:\/\/radiorecital.net\/home\/voces-desde-ucrania\/\" \/>\n<meta property=\"og:site_name\" content=\"Radio Recital\" \/>\n<meta property=\"article:publisher\" content=\"https:\/\/www.facebook.com\/radiorecital\" \/>\n<meta property=\"article:modified_time\" content=\"2025-09-25T02:47:05+00:00\" \/>\n<meta name=\"twitter:card\" content=\"summary_large_image\" \/>\n<meta name=\"twitter:site\" content=\"@radiorecital\" \/>\n<meta name=\"twitter:label1\" content=\"Tiempo de lectura\" \/>\n\t<meta name=\"twitter:data1\" content=\"3 minutos\" \/>\n<script type=\"application\/ld+json\" class=\"yoast-schema-graph\">{\"@context\":\"https:\\\/\\\/schema.org\",\"@graph\":[{\"@type\":\"WebPage\",\"@id\":\"https:\\\/\\\/radiorecital.net\\\/home\\\/voces-desde-ucrania\\\/\",\"url\":\"https:\\\/\\\/radiorecital.net\\\/home\\\/voces-desde-ucrania\\\/\",\"name\":\"Voces desde Ucrania | Radio Recital\",\"isPartOf\":{\"@id\":\"https:\\\/\\\/radiorecital.net\\\/home\\\/#website\"},\"primaryImageOfPage\":{\"@id\":\"https:\\\/\\\/radiorecital.net\\\/home\\\/voces-desde-ucrania\\\/#primaryimage\"},\"image\":{\"@id\":\"https:\\\/\\\/radiorecital.net\\\/home\\\/voces-desde-ucrania\\\/#primaryimage\"},\"thumbnailUrl\":\"https:\\\/\\\/radiorecital.net\\\/home\\\/wp-content\\\/uploads\\\/2023\\\/10\\\/voces-desde-ucrania-1.avif\",\"datePublished\":\"2023-10-23T20:12:10+00:00\",\"dateModified\":\"2025-09-25T02:47:05+00:00\",\"description\":\"\\\"Voces de Ucrania\\\" busca concientizar sobre la invasi\u00f3n y la guerra que se vive en Ucrania a trav\u00e9s de la m\u00fasica de artistas ucranianos.\",\"breadcrumb\":{\"@id\":\"https:\\\/\\\/radiorecital.net\\\/home\\\/voces-desde-ucrania\\\/#breadcrumb\"},\"inLanguage\":\"es\",\"potentialAction\":[{\"@type\":\"ReadAction\",\"target\":[\"https:\\\/\\\/radiorecital.net\\\/home\\\/voces-desde-ucrania\\\/\"]}]},{\"@type\":\"ImageObject\",\"inLanguage\":\"es\",\"@id\":\"https:\\\/\\\/radiorecital.net\\\/home\\\/voces-desde-ucrania\\\/#primaryimage\",\"url\":\"https:\\\/\\\/radiorecital.net\\\/home\\\/wp-content\\\/uploads\\\/2023\\\/10\\\/voces-desde-ucrania-1.avif\",\"contentUrl\":\"https:\\\/\\\/radiorecital.net\\\/home\\\/wp-content\\\/uploads\\\/2023\\\/10\\\/voces-desde-ucrania-1.avif\",\"width\":1024,\"height\":640,\"caption\":\"Voces desde Ucrania, el programa que le gana a la guerra con m\u00fasica\"},{\"@type\":\"BreadcrumbList\",\"@id\":\"https:\\\/\\\/radiorecital.net\\\/home\\\/voces-desde-ucrania\\\/#breadcrumb\",\"itemListElement\":[{\"@type\":\"ListItem\",\"position\":1,\"name\":\"Portada\",\"item\":\"https:\\\/\\\/radiorecital.net\\\/home\\\/\"},{\"@type\":\"ListItem\",\"position\":2,\"name\":\"Voces desde Ucrania\"}]},{\"@type\":\"WebSite\",\"@id\":\"https:\\\/\\\/radiorecital.net\\\/home\\\/#website\",\"url\":\"https:\\\/\\\/radiorecital.net\\\/home\\\/\",\"name\":\"Radio Recital\",\"description\":\"Donde vive la buena m\u00fasica\",\"publisher\":{\"@id\":\"https:\\\/\\\/radiorecital.net\\\/home\\\/#organization\"},\"alternateName\":\"Recital\",\"potentialAction\":[{\"@type\":\"SearchAction\",\"target\":{\"@type\":\"EntryPoint\",\"urlTemplate\":\"https:\\\/\\\/radiorecital.net\\\/home\\\/?s={search_term_string}\"},\"query-input\":{\"@type\":\"PropertyValueSpecification\",\"valueRequired\":true,\"valueName\":\"search_term_string\"}}],\"inLanguage\":\"es\"},{\"@type\":\"Organization\",\"@id\":\"https:\\\/\\\/radiorecital.net\\\/home\\\/#organization\",\"name\":\"Radio Recital\",\"alternateName\":\"Recital\",\"url\":\"https:\\\/\\\/radiorecital.net\\\/home\\\/\",\"logo\":{\"@type\":\"ImageObject\",\"inLanguage\":\"es\",\"@id\":\"https:\\\/\\\/radiorecital.net\\\/home\\\/#\\\/schema\\\/logo\\\/image\\\/\",\"url\":\"https:\\\/\\\/radiorecital.net\\\/home\\\/wp-content\\\/uploads\\\/2023\\\/08\\\/cropped-logo-web.avif\",\"contentUrl\":\"https:\\\/\\\/radiorecital.net\\\/home\\\/wp-content\\\/uploads\\\/2023\\\/08\\\/cropped-logo-web.avif\",\"width\":350,\"height\":100,\"caption\":\"Radio Recital\"},\"image\":{\"@id\":\"https:\\\/\\\/radiorecital.net\\\/home\\\/#\\\/schema\\\/logo\\\/image\\\/\"},\"sameAs\":[\"https:\\\/\\\/www.facebook.com\\\/radiorecital\",\"https:\\\/\\\/x.com\\\/radiorecital\",\"https:\\\/\\\/www.twitch.tv\\\/radiorecital\",\"https:\\\/\\\/open.spotify.com\\\/user\\\/s67u6ltf7qsyj64doukwz5kxu\"]}]}<\/script>\n<!-- \/ Yoast SEO plugin. -->","yoast_head_json":{"title":"Voces desde Ucrania | Radio Recital","description":"\"Voces de Ucrania\" busca concientizar sobre la invasi\u00f3n y la guerra que se vive en Ucrania a trav\u00e9s de la m\u00fasica de artistas ucranianos.","robots":{"index":"index","follow":"follow","max-snippet":"max-snippet:-1","max-image-preview":"max-image-preview:large","max-video-preview":"max-video-preview:-1"},"canonical":"https:\/\/radiorecital.net\/home\/voces-desde-ucrania\/","og_locale":"es_ES","og_type":"article","og_title":"Voces desde Ucrania | Radio Recital","og_description":"\"Voces de Ucrania\" busca concientizar sobre la invasi\u00f3n y la guerra que se vive en Ucrania a trav\u00e9s de la m\u00fasica de artistas ucranianos.","og_url":"https:\/\/radiorecital.net\/home\/voces-desde-ucrania\/","og_site_name":"Radio Recital","article_publisher":"https:\/\/www.facebook.com\/radiorecital","article_modified_time":"2025-09-25T02:47:05+00:00","twitter_card":"summary_large_image","twitter_site":"@radiorecital","twitter_misc":{"Tiempo de lectura":"3 minutos"},"schema":{"@context":"https:\/\/schema.org","@graph":[{"@type":"WebPage","@id":"https:\/\/radiorecital.net\/home\/voces-desde-ucrania\/","url":"https:\/\/radiorecital.net\/home\/voces-desde-ucrania\/","name":"Voces desde Ucrania | Radio Recital","isPartOf":{"@id":"https:\/\/radiorecital.net\/home\/#website"},"primaryImageOfPage":{"@id":"https:\/\/radiorecital.net\/home\/voces-desde-ucrania\/#primaryimage"},"image":{"@id":"https:\/\/radiorecital.net\/home\/voces-desde-ucrania\/#primaryimage"},"thumbnailUrl":"https:\/\/radiorecital.net\/home\/wp-content\/uploads\/2023\/10\/voces-desde-ucrania-1.avif","datePublished":"2023-10-23T20:12:10+00:00","dateModified":"2025-09-25T02:47:05+00:00","description":"\"Voces de Ucrania\" busca concientizar sobre la invasi\u00f3n y la guerra que se vive en Ucrania a trav\u00e9s de la m\u00fasica de artistas ucranianos.","breadcrumb":{"@id":"https:\/\/radiorecital.net\/home\/voces-desde-ucrania\/#breadcrumb"},"inLanguage":"es","potentialAction":[{"@type":"ReadAction","target":["https:\/\/radiorecital.net\/home\/voces-desde-ucrania\/"]}]},{"@type":"ImageObject","inLanguage":"es","@id":"https:\/\/radiorecital.net\/home\/voces-desde-ucrania\/#primaryimage","url":"https:\/\/radiorecital.net\/home\/wp-content\/uploads\/2023\/10\/voces-desde-ucrania-1.avif","contentUrl":"https:\/\/radiorecital.net\/home\/wp-content\/uploads\/2023\/10\/voces-desde-ucrania-1.avif","width":1024,"height":640,"caption":"Voces desde Ucrania, el programa que le gana a la guerra con m\u00fasica"},{"@type":"BreadcrumbList","@id":"https:\/\/radiorecital.net\/home\/voces-desde-ucrania\/#breadcrumb","itemListElement":[{"@type":"ListItem","position":1,"name":"Portada","item":"https:\/\/radiorecital.net\/home\/"},{"@type":"ListItem","position":2,"name":"Voces desde Ucrania"}]},{"@type":"WebSite","@id":"https:\/\/radiorecital.net\/home\/#website","url":"https:\/\/radiorecital.net\/home\/","name":"Radio Recital","description":"Donde vive la buena m\u00fasica","publisher":{"@id":"https:\/\/radiorecital.net\/home\/#organization"},"alternateName":"Recital","potentialAction":[{"@type":"SearchAction","target":{"@type":"EntryPoint","urlTemplate":"https:\/\/radiorecital.net\/home\/?s={search_term_string}"},"query-input":{"@type":"PropertyValueSpecification","valueRequired":true,"valueName":"search_term_string"}}],"inLanguage":"es"},{"@type":"Organization","@id":"https:\/\/radiorecital.net\/home\/#organization","name":"Radio Recital","alternateName":"Recital","url":"https:\/\/radiorecital.net\/home\/","logo":{"@type":"ImageObject","inLanguage":"es","@id":"https:\/\/radiorecital.net\/home\/#\/schema\/logo\/image\/","url":"https:\/\/radiorecital.net\/home\/wp-content\/uploads\/2023\/08\/cropped-logo-web.avif","contentUrl":"https:\/\/radiorecital.net\/home\/wp-content\/uploads\/2023\/08\/cropped-logo-web.avif","width":350,"height":100,"caption":"Radio Recital"},"image":{"@id":"https:\/\/radiorecital.net\/home\/#\/schema\/logo\/image\/"},"sameAs":["https:\/\/www.facebook.com\/radiorecital","https:\/\/x.com\/radiorecital","https:\/\/www.twitch.tv\/radiorecital","https:\/\/open.spotify.com\/user\/s67u6ltf7qsyj64doukwz5kxu"]}]}},"_links":{"self":[{"href":"https:\/\/radiorecital.net\/home\/wp-json\/wp\/v2\/pages\/1121","targetHints":{"allow":["GET"]}}],"collection":[{"href":"https:\/\/radiorecital.net\/home\/wp-json\/wp\/v2\/pages"}],"about":[{"href":"https:\/\/radiorecital.net\/home\/wp-json\/wp\/v2\/types\/page"}],"author":[{"embeddable":true,"href":"https:\/\/radiorecital.net\/home\/wp-json\/wp\/v2\/users\/1"}],"replies":[{"embeddable":true,"href":"https:\/\/radiorecital.net\/home\/wp-json\/wp\/v2\/comments?post=1121"}],"version-history":[{"count":81,"href":"https:\/\/radiorecital.net\/home\/wp-json\/wp\/v2\/pages\/1121\/revisions"}],"predecessor-version":[{"id":4136,"href":"https:\/\/radiorecital.net\/home\/wp-json\/wp\/v2\/pages\/1121\/revisions\/4136"}],"wp:attachment":[{"href":"https:\/\/radiorecital.net\/home\/wp-json\/wp\/v2\/media?parent=1121"}],"curies":[{"name":"wp","href":"https:\/\/api.w.org\/{rel}","templated":true}]}}